{"id":71115,"date":"2025-02-14T15:26:26","date_gmt":"2025-02-14T15:26:26","guid":{"rendered":"https:\/\/cwc.ca\/?post_type=mpcs-course&#038;p=71115"},"modified":"2026-04-21T20:34:15","modified_gmt":"2026-04-21T20:34:15","slug":"forestry-for-the-future-2023","status":"publish","type":"mpcs-course","link":"https:\/\/cwc.ca\/fr\/courses\/la-sylviculture-pour-lavenir\/","title":{"rendered":"Les for\u00eats pour l'avenir - \u00c9dition 2023"},"content":{"rendered":"<h3 style=\"color:#9A8142\">Aper\u00e7u du cours<\/h3>\n\n\n\n<p>Le Canada est un leader mondial dans la gestion de ses for\u00eats. Cette pr\u00e9sentation examinera comment la gestion durable des for\u00eats est plus critique que jamais alors que notre pays fait face aux impacts du changement climatique et se concentre sur la protection de la biodiversit\u00e9 et des tourbi\u00e8res et zones humides riches en carbone. Les solutions en mati\u00e8re de foresterie et de produits forestiers seront essentielles pour permettre au Canada de parvenir \u00e0 une \u00e9conomie \u00e0 z\u00e9ro \u00e9mission de carbone d'ici 2050 - et pour que les familles, les communaut\u00e9s et les infrastructures essentielles soient plus \u00e0 l'abri d'incendies plus catastrophiques et que les g\u00e9n\u00e9rations futures puissent b\u00e9n\u00e9ficier de for\u00eats saines et r\u00e9silientes.<\/p>\n\n\n\n<h3 style=\"color:#9A8142\">Objectifs d'apprentissage<\/h3>\n\n\n\n<p>Bient\u00f4t disponible<\/p>\n\n\n\n<h3 style=\"color:#9A8142\">Vid\u00e9o du cours<\/h3>\n\n\n\n<figure class=\"wp-block-embed is-type-video is-provider-vimeo wp-block-embed-vimeo wp-embed-aspect-16-9 wp-has-aspect-ratio\"><div class=\"wp-block-embed__wrapper\">\n<span class=\"AXzEh7RjRqPfp3V30Cs4SvngyBVDaxHKOa1J7fSqeycuxhLkI8MZX2W2pIQdWJ4P\"><div class=\"responsive-video\"><iframe title=\"Des for\u00eats pour l&#039;avenir\" src=\"https:\/\/player.vimeo.com\/video\/1046545064?dnt=1&amp;app_id=122963\" width=\"800\" height=\"450\" frameborder=\"0\" allow=\"autoplay; fullscreen; picture-in-picture; clipboard-write; encrypted-media; web-share\" referrerpolicy=\"strict-origin-when-cross-origin\"><\/iframe><\/div><\/span>\n<\/div><\/figure>\n\n\n\n<h3 style=\"color:#9A8142\">Biographie de l'orateur<\/h3>\n\n\n\n<p style=\"margin-block-end:6px\">\n<b>\u00c9tienne B\u00e9langer<\/b><br>\n<i>Directeur des for\u00eats<\/i><br>\n<i>Association des produits forestiers du Canada<\/i>\n<\/p>\n\n<p style=\"margin-block-end:6px\">\n\u00c9tienne aime rassembler les gens autour d'une table - que ce soit pour jouer avec des amis, partager un repas en famille ou discuter de questions de gestion foresti\u00e8re. C'est un forestier qui croit que la foresterie n'est pas seulement une question d'arbres, mais aussi de personnes, et il s'\u00e9panouit dans des situations dynamiques o\u00f9 il peut aider \u00e0 trouver un langage commun et des int\u00e9r\u00eats partag\u00e9s.\n<\/p>\n<p style=\"margin-block-end:6px\">\n\u00c9tienne B\u00e9langer s'est joint \u00e0 l'Association des produits forestiers du Canada en 2008. En tant que directeur de la foresterie, il offre aux membres de l'APFC un leadership solide et un plaidoyer avant-gardiste en mati\u00e8re d'am\u00e9nagement forestier durable, particuli\u00e8rement en ce qui a trait aux relations avec les Autochtones.\n<\/p>\n<p style=\"margin-block-end:24px\">\n\u00c9tienne d\u00e9tient une ma\u00eetrise en sciences foresti\u00e8res de l'Universit\u00e9 Laval et est membre de l'Ordre des ing\u00e9nieurs forestiers du Qu\u00e9bec. Il est adepte du combat \u00e0 l'\u00e9p\u00e9e et chasseur inv\u00e9t\u00e9r\u00e9 et vit \u00e0 Aylmer, au Qu\u00e9bec.\n<\/p>\n\n\n\n<p><\/p>","protected":false},"excerpt":{"rendered":"<p>Aper\u00e7u du cours Le Canada est un leader mondial dans la gestion de ses for\u00eats. Cette pr\u00e9sentation examinera comment la gestion durable des for\u00eats est plus critique que jamais alors que notre pays fait face aux impacts du changement climatique et se concentre sur la protection de la biodiversit\u00e9 et des tourbi\u00e8res et zones humides riches en carbone. Les solutions en mati\u00e8re de foresterie et de produits forestiers seront essentielles pour permettre au Canada d'atteindre une \u00e9conomie \u00e0 z\u00e9ro \u00e9mission de carbone d'ici 2050 - et pour que nous puissions prot\u00e9ger les familles, les communaut\u00e9s et les infrastructures essentielles contre des incendies plus catastrophiques et avoir des for\u00eats saines et r\u00e9silientes pour les g\u00e9n\u00e9rations futures. Objectifs d'apprentissage Prochainement Vid\u00e9o du cours Biographie du conf\u00e9rencier \u00c9tienne B\u00e9langer Directeur de la foresterie Association des produits forestiers du Canada \u00c9tienne aime rassembler les gens autour d'une table - que ce soit pour jouer \u00e0 des jeux de r\u00f4le avec des amis, partager un repas en famille ou discuter de questions li\u00e9es \u00e0 la gestion foresti\u00e8re. C'est un forestier qui croit que la foresterie n'est pas seulement une question d'arbres, mais aussi de personnes, et il s'\u00e9panouit dans des situations dynamiques o\u00f9 il peut aider \u00e0 trouver un langage commun et des int\u00e9r\u00eats partag\u00e9s. \u00c9tienne B\u00e9langer s'est joint \u00e0 l'Association des produits forestiers du Canada en 2008. \u00c0 titre de directeur de la foresterie, il offre aux membres de l'APFC un leadership solide et un plaidoyer avant-gardiste en mati\u00e8re d'am\u00e9nagement forestier durable, particuli\u00e8rement en ce qui a trait aux relations avec les Autochtones. \u00c9tienne d\u00e9tient une ma\u00eetrise en sciences foresti\u00e8res de l'Universit\u00e9 Laval et est membre de l'Ordre des ing\u00e9nieurs forestiers du Qu\u00e9bec. Il est un adepte du combat \u00e0 l'\u00e9p\u00e9e et un chasseur passionn\u00e9 qui vit \u00e0 Aylmer, au Qu\u00e9bec.<\/p>","protected":false},"author":2,"featured_media":86609,"template":"","mpcs-course-categories":[],"mpcs-course-tags":[971],"class_list":["post-71115","mpcs-course","type-mpcs-course","status-publish","has-post-thumbnail","hentry","mpcs-course-tags-971"],"acf":{"course_duration":""},"_links":{"self":[{"href":"https:\/\/cwc.ca\/fr\/wp-json\/wp\/v2\/mpcs-course\/71115","targetHints":{"allow":["GET"]}}],"collection":[{"href":"https:\/\/cwc.ca\/fr\/wp-json\/wp\/v2\/mpcs-course"}],"about":[{"href":"https:\/\/cwc.ca\/fr\/wp-json\/wp\/v2\/types\/mpcs-course"}],"author":[{"embeddable":true,"href":"https:\/\/cwc.ca\/fr\/wp-json\/wp\/v2\/users\/2"}],"version-history":[{"count":0,"href":"https:\/\/cwc.ca\/fr\/wp-json\/wp\/v2\/mpcs-course\/71115\/revisions"}],"wp:featuredmedia":[{"embeddable":true,"href":"https:\/\/cwc.ca\/fr\/wp-json\/wp\/v2\/media\/86609"}],"wp:attachment":[{"href":"https:\/\/cwc.ca\/fr\/wp-json\/wp\/v2\/media?parent=71115"}],"wp:term":[{"taxonomy":"mpcs-course-categories","embeddable":true,"href":"https:\/\/cwc.ca\/fr\/wp-json\/wp\/v2\/mpcs-course-categories?post=71115"},{"taxonomy":"mpcs-course-tags","embeddable":true,"href":"https:\/\/cwc.ca\/fr\/wp-json\/wp\/v2\/mpcs-course-tags?post=71115"}],"curies":[{"name":"wp","href":"https:\/\/api.w.org\/{rel}","templated":true}]}}