{"id":86256,"date":"2026-03-30T18:10:29","date_gmt":"2026-03-30T18:10:29","guid":{"rendered":"https:\/\/cwc.ca\/?post_type=publications&#038;p=86256"},"modified":"2026-04-08T13:09:35","modified_gmt":"2026-04-08T13:09:35","slug":"understanding-tolerances-in-prefabricated-timber-construction","status":"publish","type":"publications","link":"https:\/\/cwc.ca\/fr\/publication\/comprendre-les-tolerances-dans-la-construction-en-bois-prefabrique\/","title":{"rendered":"Comprendre les tol\u00e9rances en construction pr\u00e9fabriqu\u00e9e en bois"},"content":{"rendered":"<p data-start=\"150\" data-end=\"502\">Alors que la pr\u00e9fabrication et les syst\u00e8mes hybrides en bois gagnent en popularit\u00e9, la coordination des tol\u00e9rances est devenue un facteur essentiel au succ\u00e8s des projets. Bien que les composants puissent r\u00e9pondre aux normes des mat\u00e9riaux et aux objectifs de fabrication, un d\u00e9salignement entre l'intention de conception, la capacit\u00e9 de fabrication et les conditions du site peut toujours entra\u00eener des probl\u00e8mes d'assemblage, des retards et des reprises.<\/p>\n<p data-start=\"504\" data-end=\"793\"><em data-start=\"504\" data-end=\"567\">Comprendre les tol\u00e9rances en construction pr\u00e9fabriqu\u00e9e en bois<\/em> introduit un cadre pratique pour aider les \u00e9quipes de projet multidisciplinaires \u00e0 mieux d\u00e9finir, communiquer et g\u00e9rer les tol\u00e9rances \u00e0 toutes les \u00e9tapes d'un projet, de la conception et la fabrication \u00e0 l'installation et la performance en service.<\/p>\n<p data-start=\"795\" data-end=\"1263\">La publication pr\u00e9sente quatre classes de tol\u00e9rances fondamentales \u2014 Limites de sp\u00e9cification des mat\u00e9riaux, Capacit\u00e9s de fabrication standard, \u00c9carts de cadre\/syst\u00e8me et Tol\u00e9rances d'installation \u2014 et explique comment celles-ci interagissent dans la construction r\u00e9elle. Elle introduit \u00e9galement des concepts cl\u00e9s tels que les ajustements avec jeu, les jeux d'ajustement pr\u00e9vus, les caract\u00e9ristiques critiques pour l'ajustement (CTF) et les dimensions critiques (CD), offrant ainsi une approche structur\u00e9e pour am\u00e9liorer la constructibilit\u00e9 dans les zones d'interface critiques.<\/p>\n<p data-start=\"1265\" data-end=\"1451\">Un flux de travail \u00e9tape par \u00e9tape est inclus pour aider les \u00e9quipes \u00e0 traduire des normes g\u00e9n\u00e9rales en strat\u00e9gies d'adaptation clairement d\u00e9finies, en alignant l'intention de conception sur la r\u00e9alit\u00e9 de fabrication et l'ex\u00e9cution sur site.<\/p>\n<p data-start=\"1453\" data-end=\"1741\">Cette ressource est destin\u00e9e aux architectes, ing\u00e9nieurs, fabricants, entrepreneurs et d\u00e9veloppeurs travaillant avec des syst\u00e8mes hybrides et pr\u00e9fabriqu\u00e9s en bois. En \u00e9tablissant un langage commun autour des tol\u00e9rances, elle favorise une meilleure coordination, une r\u00e9duction des risques et des r\u00e9sultats de projet plus pr\u00e9visibles.<\/p>","protected":false},"featured_media":86299,"template":"","categories":[1185],"tags":[1161,1173,1192],"content-type":[],"language":[60],"personas":[],"publications-tags":[128],"class_list":["post-86256","publications","type-publications","status-publish","has-post-thumbnail","hentry","category-design-guides-and-resources","tag-durability","tag-modular-construction","tag-woodworks","language-en","publications-tags-free-publications"],"acf":[],"_links":{"self":[{"href":"https:\/\/cwc.ca\/fr\/wp-json\/wp\/v2\/publications\/86256","targetHints":{"allow":["GET"]}}],"collection":[{"href":"https:\/\/cwc.ca\/fr\/wp-json\/wp\/v2\/publications"}],"about":[{"href":"https:\/\/cwc.ca\/fr\/wp-json\/wp\/v2\/types\/publications"}],"wp:featuredmedia":[{"embeddable":true,"href":"https:\/\/cwc.ca\/fr\/wp-json\/wp\/v2\/media\/86299"}],"wp:attachment":[{"href":"https:\/\/cwc.ca\/fr\/wp-json\/wp\/v2\/media?parent=86256"}],"wp:term":[{"taxonomy":"category","embeddable":true,"href":"https:\/\/cwc.ca\/fr\/wp-json\/wp\/v2\/categories?post=86256"},{"taxonomy":"post_tag","embeddable":true,"href":"https:\/\/cwc.ca\/fr\/wp-json\/wp\/v2\/tags?post=86256"},{"taxonomy":"content-type","embeddable":true,"href":"https:\/\/cwc.ca\/fr\/wp-json\/wp\/v2\/content-type?post=86256"},{"taxonomy":"language","embeddable":true,"href":"https:\/\/cwc.ca\/fr\/wp-json\/wp\/v2\/language?post=86256"},{"taxonomy":"personas","embeddable":true,"href":"https:\/\/cwc.ca\/fr\/wp-json\/wp\/v2\/personas?post=86256"},{"taxonomy":"publications-tags","embeddable":true,"href":"https:\/\/cwc.ca\/fr\/wp-json\/wp\/v2\/publications-tags?post=86256"}],"curies":[{"name":"wp","href":"https:\/\/api.w.org\/{rel}","templated":true}]}}